{"id":1261,"date":"2017-02-14T17:24:57","date_gmt":"2017-02-14T16:24:57","guid":{"rendered":"http:\/\/espacefunerairearca.com\/?page_id=1261"},"modified":"2026-03-26T01:27:17","modified_gmt":"2026-03-26T01:27:17","slug":"organisation-des-funerailles","status":"publish","type":"page","link":"https:\/\/espacefunerairearca.com\/index.php\/organisation-des-funerailles\/","title":{"rendered":"Organisation des fun\u00e9railles"},"content":{"rendered":"<p>[vc_row][vc_column][vc_empty_space height=\u00a0\u00bb52px\u00a0\u00bb][vc_column_text el_class=\u00a0\u00bbouter_dpage p\u00a0\u00bb]<\/p>\n<blockquote>\n<p><strong><b><i>L\u2019inhumation ou la cr\u00e9mation avec ou sans service religieux, doit \u00eatre accomplie au plus t\u00f4t 24 heures et au plus tard 14 jours calendaires apr\u00e8s le d\u00e9c\u00e8s.<\/i><\/b><\/strong><\/p>\n<p>Toutefois, une d\u00e9rogation peut \u00eatre accord\u00e9e par le pr\u00e9fet du d\u00e9partement du lieu d\u2019inhumation ou de la cr\u00e9mation.<\/p>\n<\/blockquote>\n<p>[\/vc_column_text][vc_empty_space][\/vc_column][\/vc_row][vc_row][vc_column][vc_custom_heading text=\u00a0\u00bb\u25b6 Choix de l\u2019entreprise de pompes fun\u00e8bres\u00a0\u00bb font_container=\u00a0\u00bbtag:h3|text_align:left|color:%234d4344&Prime; use_theme_fonts=\u00a0\u00bbyes\u00a0\u00bb el_class=\u00a0\u00bbouter_dpage p\u00a0\u00bb][vc_separator color=\u00a0\u00bbcustom\u00a0\u00bb style=\u00a0\u00bbdashed\u00a0\u00bb border_width=\u00a0\u00bb2&Prime; accent_color=\u00a0\u00bb#4d4344&Prime;][\/vc_column][\/vc_row][vc_row][vc_column][vc_empty_space][vc_column_text el_class=\u00a0\u00bbouter_dpage p\u00a0\u00bb]Le choix de l\u2019entreprise incombe \u00e0 la famille du d\u00e9funt et \u00e0 elle seule. Toute entreprise fun\u00e9raire disposant d\u2019une habilitation pr\u00e9fectorale peut \u00eatre choisie.<\/p>\n<p>L\u2019organisation des fun\u00e9railles doit donner lieu \u00e0 l\u2019\u00e9tablissement de devis et de bons de commande.<\/p>\n<p>Le devis doit faire ressortir les fournitures et services effectu\u00e9s par des tiers. Il doit aussi s\u00e9parer les prestations obligatoires de celles qui ne le sont pas.[\/vc_column_text][\/vc_column][\/vc_row][vc_row][vc_column width=\u00a0\u00bb1\/3&Prime;][vc_single_image image=\u00a0\u00bb3585&Prime; img_size=\u00a0\u00bbfull\u00a0\u00bb alignment=\u00a0\u00bbcenter\u00a0\u00bb][vc_column_text el_class=\u00a0\u00bbouter_dpage p\u00a0\u00bb css=\u00a0\u00bb.vc_custom_1714997430630{margin-top: -20px !important;}\u00a0\u00bb]<\/p>\n<p style=\"text-align: center;\">Urne cin\u00e9raire<\/p>\n<p>[\/vc_column_text][\/vc_column][vc_column width=\u00a0\u00bb2\/3&Prime;][vc_empty_space height=\u00a0\u00bb15px\u00a0\u00bb][vc_column_text el_class=\u00a0\u00bbouter_dpage p\u00a0\u00bb]<\/p>\n<div class=\"wpb_wrapper\" style=\"text-align: justify;\">\n<div style=\"border: double 3px #4D4344; padding: 40px; border-radius: 8px; background-color: #e4e0e0;\">\n<p><strong>Les prestations obligatoires<br \/>\n<\/strong><\/p>\n<ul>\n<li>Le cercueil, ses quatre poign\u00e9es, sa cuvette \u00e9tanche,<\/li>\n<li>L\u2019op\u00e9ration d\u2019inhumation ou de cr\u00e9mation avec fourniture d\u2019une urne cin\u00e9raire,<\/li>\n<li>Fourniture d\u2019un v\u00e9hicule agr\u00e9e pour le transport du corps (Avant ou Apr\u00e8s Mise en Bi\u00e8re).<\/li>\n<li>Housse mortuaire<\/li>\n<\/ul>\n<p>Dans certains cas, d\u2019autres prestations (Cercueil herm\u00e9tique, soins de conservation) peuvent devenir obligatoires.<\/p>\n<\/div>\n<\/div>\n<p>[\/vc_column_text][\/vc_column][\/vc_row][vc_row equal_height=\u00a0\u00bbyes\u00a0\u00bb][vc_column][vc_empty_space][\/vc_column][\/vc_row][vc_row][vc_column width=\u00a0\u00bb1\/3&Prime;][vc_single_image image=\u00a0\u00bb3586&Prime; img_size=\u00a0\u00bbfull\u00a0\u00bb alignment=\u00a0\u00bbcenter\u00a0\u00bb][\/vc_column][vc_column width=\u00a0\u00bb2\/3&Prime;][vc_empty_space height=\u00a0\u00bb15px\u00a0\u00bb][vc_column_text el_class=\u00a0\u00bbouter_dpage p\u00a0\u00bb]<\/p>\n<div class=\"wpb_wrapper\" style=\"text-align: justify;\">\n<div style=\"border: double 3px #4D4344; padding: 65px; border-radius: 8px; background-color: #e4e0e0;\">\n<p><strong>Les prestations facultatives<\/strong><\/p>\n<p>Les prestations facultatives concernent les soins de conservation, la toilette\/habillement, le capiton et le coussin, le ma\u00eetre de c\u00e9r\u00e9monie, le registre de condol\u00e9ances, les tentures, les fleurs, les faire part et annonces dans la presse.<\/p>\n<\/div>\n<\/div>\n<p>[\/vc_column_text][\/vc_column][\/vc_row][vc_row][vc_column][vc_empty_space][vc_custom_heading text=\u00a0\u00bb\u25b6 Travaux au cimeti\u00e8re\u00a0\u00bb font_container=\u00a0\u00bbtag:h3|text_align:left|color:%234c4243&Prime; use_theme_fonts=\u00a0\u00bbyes\u00a0\u00bb el_class=\u00a0\u00bbouter_dpage p\u00a0\u00bb][vc_separator color=\u00a0\u00bbcustom\u00a0\u00bb style=\u00a0\u00bbdashed\u00a0\u00bb border_width=\u00a0\u00bb2&Prime; accent_color=\u00a0\u00bb#4d4344&Prime;][vc_empty_space][\/vc_column][\/vc_row][vc_row][vc_column width=\u00a0\u00bb1\/3&Prime;][vc_single_image image=\u00a0\u00bb3587&Prime; img_size=\u00a0\u00bbfull\u00a0\u00bb alignment=\u00a0\u00bbcenter\u00a0\u00bb][vc_column_text el_class=\u00a0\u00bbouter_dpage p\u00a0\u00bb css=\u00a0\u00bb.vc_custom_1714998276993{margin-top: -20px !important;}\u00a0\u00bb]<\/p>\n<p style=\"text-align: center;\">Pierre tombale<\/p>\n<p>[\/vc_column_text][\/vc_column][vc_column width=\u00a0\u00bb2\/3&Prime;][vc_empty_space height=\u00a0\u00bb15px\u00a0\u00bb][vc_column_text el_class=\u00a0\u00bbouter_dpage p\u00a0\u00bb]<\/p>\n<div class=\"wpb_wrapper\" style=\"text-align: justify;\">\n<div style=\"border: double 3px #4D4344; padding: 65px; border-radius: 8px; background-color: #e4e0e0;\">\n<p>Avec votre permis d\u2019inhumer, les travaux au cimeti\u00e8re peuvent commencer.<\/p>\n<p><b><i>Attention, ces travaux ne peuvent \u00eatre effectu\u00e9s que par une entreprise disposant d\u2019une habilitation pr\u00e9fectorale<\/i><\/b><i>. <\/i><\/p>\n<p><i>Mes services se feront un r\u00e9el plaisir de vous renseigner \u00e0 cet effet.<\/i><\/div>\n<\/div>\n<p>[\/vc_column_text][\/vc_column][\/vc_row][vc_row][vc_column][vc_empty_space][vc_custom_heading text=\u00a0\u00bb\u25b6 Le service religieux\u00a0\u00bb font_container=\u00a0\u00bbtag:h3|text_align:left|color:%234c4243&Prime; use_theme_fonts=\u00a0\u00bbyes\u00a0\u00bb][vc_separator color=\u00a0\u00bbcustom\u00a0\u00bb style=\u00a0\u00bbdashed\u00a0\u00bb border_width=\u00a0\u00bb2&Prime; accent_color=\u00a0\u00bb#4d4344&Prime;][vc_empty_space][\/vc_column][\/vc_row][vc_row][vc_column width=\u00a0\u00bb1\/3&Prime;][vc_single_image image=\u00a0\u00bb4532&Prime; img_size=\u00a0\u00bbfull\u00a0\u00bb alignment=\u00a0\u00bbcenter\u00a0\u00bb][vc_column_text el_class=\u00a0\u00bbouter_dpage p\u00a0\u00bb css=\u00a0\u00bb.vc_custom_1715053952038{margin-top: -20px !important;}\u00a0\u00bb]<\/p>\n<p style=\"text-align: center;\">Salle de c\u00e9r\u00e9monies de 174 places assises<\/p>\n<p>[\/vc_column_text][\/vc_column][vc_column width=\u00a0\u00bb2\/3&Prime;][vc_empty_space height=\u00a0\u00bb15px\u00a0\u00bb][vc_column_text el_class=\u00a0\u00bbouter_dpage p\u00a0\u00bb]<\/p>\n<div class=\"wpb_wrapper\" style=\"text-align: justify;\">\n<div style=\"border: double 3px #4D4344; padding: 40px; border-radius: 8px; background-color: #e4e0e0;\">\n<p>En r\u00e8gle g\u00e9n\u00e9rale, le responsable cultuel (pr\u00eatre, pasteur,\u2026) doit s\u2019entretenir avec la famille du d\u00e9funt avant la c\u00e9r\u00e9monie.Je vous conseille de prendre son attache dans les d\u00e9lais les plus courts. Cet entretien vous permettra de fixer avec lui, le jour, l\u2019heure et le lieu de la c\u00e9r\u00e9monie religieuse ainsi que d\u2019autres modalit\u00e9s pratiques.<\/p>\n<div><\/div>\n<p><b>La c\u00e9r\u00e9monie d\u2019adieu peut \u00eatre c\u00e9l\u00e9br\u00e9e gratuitement dans la salle ARCA \u00e0 Basse-Terre pr\u00e9vue \u00e0 cet effet.<\/b><\/p>\n<p><i>\u261d Attention : certains offices religieux sont payants.<\/i><\/div>\n<\/div>\n<p>[\/vc_column_text][\/vc_column][\/vc_row][vc_row equal_height=\u00a0\u00bbyes\u00a0\u00bb][vc_column][vc_empty_space height=\u00a0\u00bb72px\u00a0\u00bb][\/vc_column][\/vc_row][vc_row][vc_column width=\u00a0\u00bb2\/3&Prime;][\/vc_column][vc_column width=\u00a0\u00bb1\/3&Prime;][vc_column_text el_class=\u00a0\u00bbouter_dpage p\u00a0\u00bb]<strong>Georgina ARBAU<\/strong><br \/>\n<small>G\u00e9rante de l\u2019Espace Fun\u00e9raire ARCA<\/small>[\/vc_column_text][\/vc_column][\/vc_row][vc_row][vc_column][vc_single_image image=\u00a0\u00bb2837&Prime; img_size=\u00a0\u00bbfull\u00a0\u00bb alignment=\u00a0\u00bbcenter\u00a0\u00bb][\/vc_column][\/vc_row]<\/p>\n","protected":false},"excerpt":{"rendered":"<p>[vc_row][vc_column][vc_empty_space height=\u00a0\u00bb52px\u00a0\u00bb][vc_column_text el_class=\u00a0\u00bbouter_dpage p\u00a0\u00bb] L\u2019inhumation ou la cr\u00e9mation avec ou sans service religieux, doit \u00eatre accomplie au plus t\u00f4t 24 heures et au plus tard 14 jours calendaires apr\u00e8s le d\u00e9c\u00e8s. Toutefois, une d\u00e9rogation peut \u00eatre accord\u00e9e par le pr\u00e9fet du d\u00e9partement du lieu d\u2019inhumation ou de la cr\u00e9mation. [\/vc_column_text][vc_empty_space][\/vc_column][\/vc_row][vc_row][vc_column][vc_custom_heading text=\u00a0\u00bb\u25b6 Choix de l\u2019entreprise de &hellip; <\/p>\n<p class=\"link-more\"><a href=\"https:\/\/espacefunerairearca.com\/index.php\/organisation-des-funerailles\/\" class=\"more-link\">Continue reading<span class=\"screen-reader-text\"> \u00ab\u00a0Organisation des fun\u00e9railles\u00a0\u00bb<\/span><\/a><\/p>\n","protected":false},"author":1,"featured_media":0,"parent":0,"menu_order":0,"comment_status":"closed","ping_status":"closed","template":"","meta":{"footnotes":""},"class_list":["post-1261","page","type-page","status-publish","hentry"],"_links":{"self":[{"href":"https:\/\/espacefunerairearca.com\/index.php\/wp-json\/wp\/v2\/pages\/1261","targetHints":{"allow":["GET"]}}],"collection":[{"href":"https:\/\/espacefunerairearca.com\/index.php\/wp-json\/wp\/v2\/pages"}],"about":[{"href":"https:\/\/espacefunerairearca.com\/index.php\/wp-json\/wp\/v2\/types\/page"}],"author":[{"embeddable":true,"href":"https:\/\/espacefunerairearca.com\/index.php\/wp-json\/wp\/v2\/users\/1"}],"replies":[{"embeddable":true,"href":"https:\/\/espacefunerairearca.com\/index.php\/wp-json\/wp\/v2\/comments?post=1261"}],"version-history":[{"count":35,"href":"https:\/\/espacefunerairearca.com\/index.php\/wp-json\/wp\/v2\/pages\/1261\/revisions"}],"predecessor-version":[{"id":4565,"href":"https:\/\/espacefunerairearca.com\/index.php\/wp-json\/wp\/v2\/pages\/1261\/revisions\/4565"}],"wp:attachment":[{"href":"https:\/\/espacefunerairearca.com\/index.php\/wp-json\/wp\/v2\/media?parent=1261"}],"curies":[{"name":"wp","href":"https:\/\/api.w.org\/{rel}","templated":true}]}}